{"id":31127,"date":"2024-09-30T10:55:27","date_gmt":"2024-09-30T08:55:27","guid":{"rendered":"https:\/\/www.eveline.hu\/2016\/?post_type=product&#038;p=31127"},"modified":"2024-10-30T08:59:29","modified_gmt":"2024-10-30T07:59:29","slug":"christian-laurent-1-perces-fiatalito-maszk-30ml","status":"publish","type":"product","link":"https:\/\/www.eveline.hu\/2016\/eveline-kozmetikumok-szepsegapolas\/termekcsaladok\/christian-laurent\/christian-laurent-1-perces-fiatalito-maszk-30ml\/","title":{"rendered":"Christian Laurent 1 perces fiatal\u00edt\u00f3 maszk 30ml"},"content":{"rendered":"<p>Innovat\u00edv kozmetikum, amely azonnal feszes\u00edti a b\u0151rt, mik\u00f6zben cs\u00f6kkenti az apr\u00f3 t\u00f6k\u00e9letlens\u00e9geket. A mikroemulzi\u00f3s technol\u00f3gi\u00e1nak k\u00f6sz\u00f6nhet\u0151en mind\u00f6ssze egy perc alatt biztos\u00edtja a meg\u00fajult, selymesen sima b\u0151r hat\u00e1s\u00e1t.<\/p>\n<p>Az 5%-os GLYCO COMPLEX t\u00f6bbdimenzi\u00f3s hat\u00e1s\u00fa, az els\u0151 f\u00e1zisban &#8211; amely mind\u00f6ssze n\u00e9h\u00e1ny m\u00e1sodpercig tart &#8211; m\u00e9lyen tiszt\u00edtja \u00e9s mikroh\u00e1mlasztja a felh\u00e1mot.<\/p>\n<p>A m\u00e1sodik f\u00e1zisban ultra-hidrat\u00e1l\u00f3 elz\u00e1r\u00f3d\u00e1st hoz l\u00e9tre a felsz\u00edn\u00e9n, t\u00e1mogatva a hat\u00f3anyagok akt\u00edv eloszt\u00e1s\u00e1t. V\u00e9g\u00fcl extr\u00e9m hidrat\u00e1l\u00e1st \u00e9s regener\u00e1ci\u00f3t biztos\u00edt, m\u00e9g a nagyon sz\u00e1raz, f\u00e1radt, kipirosodott b\u0151rnek is.<\/p>\n<p>Alkalmaz\u00e1s: Haszn\u00e1lja a maszkot hetente k\u00e9tszer vagy maximum 3 alkalommal.<\/p>\n<p>Este vigye fel a b\u0151rre \u00e9s finoman massz\u00edrozza be, am\u00edg a text\u00fara gy\u00f6ngyh\u00e1zf\u00e9ny\u0171 g\u00e9lb\u0151l feh\u00e9r kr\u00e9mm\u00e9 nem v\u00e1lik. Hagyja a kozmetikumot egy percig a b\u0151r\u00f6n, majd mossa le v\u00edzzel.<\/p>\n","protected":false},"excerpt":{"rendered":"<p>Innovat\u00edv kozmetikum, amely azonnal feszes\u00edti a b\u0151rt, mik\u00f6zben cs\u00f6kkenti az apr\u00f3 t\u00f6k\u00e9letlens\u00e9geket. A mikroemulzi\u00f3s technol\u00f3gi\u00e1nak k\u00f6sz\u00f6nhet\u0151en mind\u00f6ssze egy perc alatt biztos\u00edtja a meg\u00fajult, selymesen sima b\u0151r hat\u00e1s\u00e1t. Az 5%-os GLYCO COMPLEX t\u00f6bbdimenzi\u00f3s hat\u00e1s\u00fa, az els\u0151 f\u00e1zisban &#8211; amely mind\u00f6ssze n\u00e9h\u00e1ny [&hellip;]<\/p>\n","protected":false},"featured_media":31128,"comment_status":"open","ping_status":"closed","template":"","meta":[],"product_cat":[288,80],"product_tag":[],"yoast_head":"<!-- This site is optimized with the Yoast SEO plugin v22.2 - https:\/\/yoast.com\/wordpress\/plugins\/seo\/ -->\n<title>Christian Laurent 1 perces fiatal\u00edt\u00f3 maszk 30ml - Eveline Cosmetics Magyarorsz\u00e1g<\/title>\n<meta name=\"robots\" content=\"index, follow, max-snippet:-1, max-image-preview:large, max-video-preview:-1\" \/>\n<link rel=\"canonical\" href=\"https:\/\/www.eveline.hu\/2016\/eveline-kozmetikumok-szepsegapolas\/termekcsaladok\/christian-laurent\/christian-laurent-1-perces-fiatalito-maszk-30ml\/\" \/>\n<meta property=\"og:locale\" content=\"hu_HU\" \/>\n<meta property=\"og:type\" content=\"article\" \/>\n<meta property=\"og:title\" content=\"Christian Laurent 1 perces fiatal\u00edt\u00f3 maszk 30ml - Eveline Cosmetics Magyarorsz\u00e1g\" \/>\n<meta property=\"og:description\" content=\"Innovat\u00edv kozmetikum, amely azonnal feszes\u00edti a b\u0151rt, mik\u00f6zben cs\u00f6kkenti az apr\u00f3 t\u00f6k\u00e9letlens\u00e9geket. A mikroemulzi\u00f3s technol\u00f3gi\u00e1nak k\u00f6sz\u00f6nhet\u0151en mind\u00f6ssze egy perc alatt biztos\u00edtja a meg\u00fajult, selymesen sima b\u0151r hat\u00e1s\u00e1t. Az 5%-os GLYCO COMPLEX t\u00f6bbdimenzi\u00f3s hat\u00e1s\u00fa, az els\u0151 f\u00e1zisban &#8211; amely mind\u00f6ssze n\u00e9h\u00e1ny [&hellip;]\" \/>\n<meta property=\"og:url\" content=\"https:\/\/www.eveline.hu\/2016\/eveline-kozmetikumok-szepsegapolas\/termekcsaladok\/christian-laurent\/christian-laurent-1-perces-fiatalito-maszk-30ml\/\" \/>\n<meta property=\"og:site_name\" content=\"Eveline Cosmetics Magyarorsz\u00e1g\" \/>\n<meta property=\"article:modified_time\" content=\"2024-10-30T07:59:29+00:00\" \/>\n<meta property=\"og:image\" content=\"https:\/\/www.eveline.hu\/2016\/wp-content\/uploads\/2024\/09\/E_piel_cl_maska-odmladzajaca_30ml_5903416068204-w.png\" \/>\n\t<meta property=\"og:image:width\" content=\"750\" \/>\n\t<meta property=\"og:image:height\" content=\"750\" \/>\n\t<meta property=\"og:image:type\" content=\"image\/png\" \/>\n<meta name=\"twitter:card\" content=\"summary_large_image\" \/>\n<meta name=\"twitter:label1\" content=\"Becs\u00fclt olvas\u00e1si id\u0151\" \/>\n\t<meta name=\"twitter:data1\" content=\"1 perc\" \/>\n<script type=\"application\/ld+json\" class=\"yoast-schema-graph\">{\"@context\":\"https:\/\/schema.org\",\"@graph\":[{\"@type\":\"WebPage\",\"@id\":\"https:\/\/www.eveline.hu\/2016\/eveline-kozmetikumok-szepsegapolas\/termekcsaladok\/christian-laurent\/christian-laurent-1-perces-fiatalito-maszk-30ml\/\",\"url\":\"https:\/\/www.eveline.hu\/2016\/eveline-kozmetikumok-szepsegapolas\/termekcsaladok\/christian-laurent\/christian-laurent-1-perces-fiatalito-maszk-30ml\/\",\"name\":\"Christian Laurent 1 perces fiatal\u00edt\u00f3 maszk 30ml - Eveline Cosmetics Magyarorsz\u00e1g\",\"isPartOf\":{\"@id\":\"https:\/\/www.eveline.hu\/2016\/#website\"},\"primaryImageOfPage\":{\"@id\":\"https:\/\/www.eveline.hu\/2016\/eveline-kozmetikumok-szepsegapolas\/termekcsaladok\/christian-laurent\/christian-laurent-1-perces-fiatalito-maszk-30ml\/#primaryimage\"},\"image\":{\"@id\":\"https:\/\/www.eveline.hu\/2016\/eveline-kozmetikumok-szepsegapolas\/termekcsaladok\/christian-laurent\/christian-laurent-1-perces-fiatalito-maszk-30ml\/#primaryimage\"},\"thumbnailUrl\":\"https:\/\/www.eveline.hu\/2016\/wp-content\/uploads\/2024\/09\/E_piel_cl_maska-odmladzajaca_30ml_5903416068204-w.png\",\"datePublished\":\"2024-09-30T08:55:27+00:00\",\"dateModified\":\"2024-10-30T07:59:29+00:00\",\"breadcrumb\":{\"@id\":\"https:\/\/www.eveline.hu\/2016\/eveline-kozmetikumok-szepsegapolas\/termekcsaladok\/christian-laurent\/christian-laurent-1-perces-fiatalito-maszk-30ml\/#breadcrumb\"},\"inLanguage\":\"hu\",\"potentialAction\":[{\"@type\":\"ReadAction\",\"target\":[\"https:\/\/www.eveline.hu\/2016\/eveline-kozmetikumok-szepsegapolas\/termekcsaladok\/christian-laurent\/christian-laurent-1-perces-fiatalito-maszk-30ml\/\"]}]},{\"@type\":\"ImageObject\",\"inLanguage\":\"hu\",\"@id\":\"https:\/\/www.eveline.hu\/2016\/eveline-kozmetikumok-szepsegapolas\/termekcsaladok\/christian-laurent\/christian-laurent-1-perces-fiatalito-maszk-30ml\/#primaryimage\",\"url\":\"https:\/\/www.eveline.hu\/2016\/wp-content\/uploads\/2024\/09\/E_piel_cl_maska-odmladzajaca_30ml_5903416068204-w.png\",\"contentUrl\":\"https:\/\/www.eveline.hu\/2016\/wp-content\/uploads\/2024\/09\/E_piel_cl_maska-odmladzajaca_30ml_5903416068204-w.png\",\"width\":750,\"height\":750},{\"@type\":\"BreadcrumbList\",\"@id\":\"https:\/\/www.eveline.hu\/2016\/eveline-kozmetikumok-szepsegapolas\/termekcsaladok\/christian-laurent\/christian-laurent-1-perces-fiatalito-maszk-30ml\/#breadcrumb\",\"itemListElement\":[{\"@type\":\"ListItem\",\"position\":1,\"name\":\"Home\",\"item\":\"https:\/\/www.eveline.hu\/2016\/\"},{\"@type\":\"ListItem\",\"position\":2,\"name\":\"Term\u00e9kek\",\"item\":\"https:\/\/www.eveline.hu\/2016\/shop\/\"},{\"@type\":\"ListItem\",\"position\":3,\"name\":\"Christian Laurent 1 perces fiatal\u00edt\u00f3 maszk 30ml\"}]},{\"@type\":\"WebSite\",\"@id\":\"https:\/\/www.eveline.hu\/2016\/#website\",\"url\":\"https:\/\/www.eveline.hu\/2016\/\",\"name\":\"Eveline Cosmetics Magyarorsz\u00e1g\",\"description\":\"Min\u0151s\u00e9gi kozmetikumok Lengyelorsz\u00e1gb\u00f3l\",\"potentialAction\":[{\"@type\":\"SearchAction\",\"target\":{\"@type\":\"EntryPoint\",\"urlTemplate\":\"https:\/\/www.eveline.hu\/2016\/?s={search_term_string}\"},\"query-input\":\"required name=search_term_string\"}],\"inLanguage\":\"hu\"}]}<\/script>\n<!-- \/ Yoast SEO plugin. -->","yoast_head_json":{"title":"Christian Laurent 1 perces fiatal\u00edt\u00f3 maszk 30ml - Eveline Cosmetics Magyarorsz\u00e1g","robots":{"index":"index","follow":"follow","max-snippet":"max-snippet:-1","max-image-preview":"max-image-preview:large","max-video-preview":"max-video-preview:-1"},"canonical":"https:\/\/www.eveline.hu\/2016\/eveline-kozmetikumok-szepsegapolas\/termekcsaladok\/christian-laurent\/christian-laurent-1-perces-fiatalito-maszk-30ml\/","og_locale":"hu_HU","og_type":"article","og_title":"Christian Laurent 1 perces fiatal\u00edt\u00f3 maszk 30ml - Eveline Cosmetics Magyarorsz\u00e1g","og_description":"Innovat\u00edv kozmetikum, amely azonnal feszes\u00edti a b\u0151rt, mik\u00f6zben cs\u00f6kkenti az apr\u00f3 t\u00f6k\u00e9letlens\u00e9geket. A mikroemulzi\u00f3s technol\u00f3gi\u00e1nak k\u00f6sz\u00f6nhet\u0151en mind\u00f6ssze egy perc alatt biztos\u00edtja a meg\u00fajult, selymesen sima b\u0151r hat\u00e1s\u00e1t. Az 5%-os GLYCO COMPLEX t\u00f6bbdimenzi\u00f3s hat\u00e1s\u00fa, az els\u0151 f\u00e1zisban &#8211; amely mind\u00f6ssze n\u00e9h\u00e1ny [&hellip;]","og_url":"https:\/\/www.eveline.hu\/2016\/eveline-kozmetikumok-szepsegapolas\/termekcsaladok\/christian-laurent\/christian-laurent-1-perces-fiatalito-maszk-30ml\/","og_site_name":"Eveline Cosmetics Magyarorsz\u00e1g","article_modified_time":"2024-10-30T07:59:29+00:00","og_image":[{"width":750,"height":750,"url":"https:\/\/www.eveline.hu\/2016\/wp-content\/uploads\/2024\/09\/E_piel_cl_maska-odmladzajaca_30ml_5903416068204-w.png","type":"image\/png"}],"twitter_card":"summary_large_image","twitter_misc":{"Becs\u00fclt olvas\u00e1si id\u0151":"1 perc"},"schema":{"@context":"https:\/\/schema.org","@graph":[{"@type":"WebPage","@id":"https:\/\/www.eveline.hu\/2016\/eveline-kozmetikumok-szepsegapolas\/termekcsaladok\/christian-laurent\/christian-laurent-1-perces-fiatalito-maszk-30ml\/","url":"https:\/\/www.eveline.hu\/2016\/eveline-kozmetikumok-szepsegapolas\/termekcsaladok\/christian-laurent\/christian-laurent-1-perces-fiatalito-maszk-30ml\/","name":"Christian Laurent 1 perces fiatal\u00edt\u00f3 maszk 30ml - Eveline Cosmetics Magyarorsz\u00e1g","isPartOf":{"@id":"https:\/\/www.eveline.hu\/2016\/#website"},"primaryImageOfPage":{"@id":"https:\/\/www.eveline.hu\/2016\/eveline-kozmetikumok-szepsegapolas\/termekcsaladok\/christian-laurent\/christian-laurent-1-perces-fiatalito-maszk-30ml\/#primaryimage"},"image":{"@id":"https:\/\/www.eveline.hu\/2016\/eveline-kozmetikumok-szepsegapolas\/termekcsaladok\/christian-laurent\/christian-laurent-1-perces-fiatalito-maszk-30ml\/#primaryimage"},"thumbnailUrl":"https:\/\/www.eveline.hu\/2016\/wp-content\/uploads\/2024\/09\/E_piel_cl_maska-odmladzajaca_30ml_5903416068204-w.png","datePublished":"2024-09-30T08:55:27+00:00","dateModified":"2024-10-30T07:59:29+00:00","breadcrumb":{"@id":"https:\/\/www.eveline.hu\/2016\/eveline-kozmetikumok-szepsegapolas\/termekcsaladok\/christian-laurent\/christian-laurent-1-perces-fiatalito-maszk-30ml\/#breadcrumb"},"inLanguage":"hu","potentialAction":[{"@type":"ReadAction","target":["https:\/\/www.eveline.hu\/2016\/eveline-kozmetikumok-szepsegapolas\/termekcsaladok\/christian-laurent\/christian-laurent-1-perces-fiatalito-maszk-30ml\/"]}]},{"@type":"ImageObject","inLanguage":"hu","@id":"https:\/\/www.eveline.hu\/2016\/eveline-kozmetikumok-szepsegapolas\/termekcsaladok\/christian-laurent\/christian-laurent-1-perces-fiatalito-maszk-30ml\/#primaryimage","url":"https:\/\/www.eveline.hu\/2016\/wp-content\/uploads\/2024\/09\/E_piel_cl_maska-odmladzajaca_30ml_5903416068204-w.png","contentUrl":"https:\/\/www.eveline.hu\/2016\/wp-content\/uploads\/2024\/09\/E_piel_cl_maska-odmladzajaca_30ml_5903416068204-w.png","width":750,"height":750},{"@type":"BreadcrumbList","@id":"https:\/\/www.eveline.hu\/2016\/eveline-kozmetikumok-szepsegapolas\/termekcsaladok\/christian-laurent\/christian-laurent-1-perces-fiatalito-maszk-30ml\/#breadcrumb","itemListElement":[{"@type":"ListItem","position":1,"name":"Home","item":"https:\/\/www.eveline.hu\/2016\/"},{"@type":"ListItem","position":2,"name":"Term\u00e9kek","item":"https:\/\/www.eveline.hu\/2016\/shop\/"},{"@type":"ListItem","position":3,"name":"Christian Laurent 1 perces fiatal\u00edt\u00f3 maszk 30ml"}]},{"@type":"WebSite","@id":"https:\/\/www.eveline.hu\/2016\/#website","url":"https:\/\/www.eveline.hu\/2016\/","name":"Eveline Cosmetics Magyarorsz\u00e1g","description":"Min\u0151s\u00e9gi kozmetikumok Lengyelorsz\u00e1gb\u00f3l","potentialAction":[{"@type":"SearchAction","target":{"@type":"EntryPoint","urlTemplate":"https:\/\/www.eveline.hu\/2016\/?s={search_term_string}"},"query-input":"required name=search_term_string"}],"inLanguage":"hu"}]}},"_links":{"self":[{"href":"https:\/\/www.eveline.hu\/2016\/wp-json\/wp\/v2\/product\/31127"}],"collection":[{"href":"https:\/\/www.eveline.hu\/2016\/wp-json\/wp\/v2\/product"}],"about":[{"href":"https:\/\/www.eveline.hu\/2016\/wp-json\/wp\/v2\/types\/product"}],"replies":[{"embeddable":true,"href":"https:\/\/www.eveline.hu\/2016\/wp-json\/wp\/v2\/comments?post=31127"}],"wp:featuredmedia":[{"embeddable":true,"href":"https:\/\/www.eveline.hu\/2016\/wp-json\/wp\/v2\/media\/31128"}],"wp:attachment":[{"href":"https:\/\/www.eveline.hu\/2016\/wp-json\/wp\/v2\/media?parent=31127"}],"wp:term":[{"taxonomy":"product_cat","embeddable":true,"href":"https:\/\/www.eveline.hu\/2016\/wp-json\/wp\/v2\/product_cat?post=31127"},{"taxonomy":"product_tag","embeddable":true,"href":"https:\/\/www.eveline.hu\/2016\/wp-json\/wp\/v2\/product_tag?post=31127"}],"curies":[{"name":"wp","href":"https:\/\/api.w.org\/{rel}","templated":true}]}}