{"id":29957,"date":"2023-09-28T10:24:28","date_gmt":"2023-09-28T08:24:28","guid":{"rendered":"https:\/\/www.eveline.hu\/2016\/?post_type=product&#038;p=29957"},"modified":"2023-09-28T10:24:29","modified_gmt":"2023-09-28T08:24:29","slug":"look-up-szemfestek-paletta-9-arnyalat-take-me-on","status":"publish","type":"product","link":"https:\/\/www.eveline.hu\/2016\/eveline-kozmetikumok-szepsegapolas\/smink\/szem\/szemhej-festekek\/look-up-szemfestek-paletta-9-arnyalat-take-me-on\/","title":{"rendered":"LOOK UP Szemfest\u00e9k paletta 9 \u00e1rnyalat  TAKE ME ON"},"content":{"rendered":"<p><span class=\"HwtZe\" lang=\"hu\"><span class=\"jCAhz ChMk0b\"><span class=\"ryNqvb\">A LOOK UP sorozat t\u00f6k\u00e9letesen kiv\u00e1lasztott sz\u00ednek kever\u00e9ke csod\u00e1latos sminket var\u00e1zsol a szemh\u00e9junkra.<\/span><\/span><\/span><\/p>\n<p><span class=\"HwtZe\" lang=\"hu\"> <span class=\"jCAhz ChMk0b\"><span class=\"ryNqvb\">A s\u00f6t\u00e9t t\u00f3nusk\u00fcl\u00f6nbs\u00e9gek finom sz\u00ednkombin\u00e1ci\u00f3kat hoznak l\u00e9tre<\/span><\/span>. T<span class=\"jCAhz ChMk0b\"><span class=\"ryNqvb\">\u00f6k\u00e9letes megjelen\u00e9st biztos\u00edtanak est\u00e9nk\u00e9nt \u00e9s reggelente egyar\u00e1nt.<\/span><\/span> <\/span><\/p>\n<p><span class=\"HwtZe\" lang=\"hu\"><span class=\"jCAhz ChMk0b\"><span class=\"ryNqvb\">A kiv\u00e1l\u00f3 min\u0151s\u00e9g\u0171 \u00e1rnyalatok, az egyszer\u0171 kever\u00e9s \u00e9s az intenz\u00edv pigment\u00e1ci\u00f3 minden sminket \u00e9lvezett\u00e9 var\u00e1zsol!<\/span><\/span><\/span><\/p>\n<p>\u00d6sszetev\u0151k:Talc, Mica, Magnesium Myristate, Kaolin, Paraffinum Liquidum, Ethylhexyl Palmitate, Polyisobutene, Phenoxyethanol. (+\/-): CI 77491, CI 77492, CI 77499, CI 77891, CI 77742, CI 16035, CI 45410.<\/p>\n","protected":false},"excerpt":{"rendered":"<p>A LOOK UP sorozat t\u00f6k\u00e9letesen kiv\u00e1lasztott sz\u00ednek kever\u00e9ke csod\u00e1latos sminket var\u00e1zsol a szemh\u00e9junkra. A s\u00f6t\u00e9t t\u00f3nusk\u00fcl\u00f6nbs\u00e9gek finom sz\u00ednkombin\u00e1ci\u00f3kat hoznak l\u00e9tre. T\u00f6k\u00e9letes megjelen\u00e9st biztos\u00edtanak est\u00e9nk\u00e9nt \u00e9s reggelente egyar\u00e1nt. A kiv\u00e1l\u00f3 min\u0151s\u00e9g\u0171 \u00e1rnyalatok, az egyszer\u0171 kever\u00e9s \u00e9s az intenz\u00edv pigment\u00e1ci\u00f3 minden sminket [&hellip;]<\/p>\n","protected":false},"featured_media":29958,"comment_status":"open","ping_status":"closed","template":"","meta":[],"product_cat":[132,151],"product_tag":[],"yoast_head":"<!-- This site is optimized with the Yoast SEO plugin v22.2 - https:\/\/yoast.com\/wordpress\/plugins\/seo\/ -->\n<title>LOOK UP Szemfest\u00e9k paletta 9 \u00e1rnyalat TAKE ME ON - Eveline Cosmetics Magyarorsz\u00e1g<\/title>\n<meta name=\"robots\" content=\"index, follow, max-snippet:-1, max-image-preview:large, max-video-preview:-1\" \/>\n<link rel=\"canonical\" href=\"https:\/\/www.eveline.hu\/2016\/eveline-kozmetikumok-szepsegapolas\/smink\/szem\/szemhej-festekek\/look-up-szemfestek-paletta-9-arnyalat-take-me-on\/\" \/>\n<meta property=\"og:locale\" content=\"hu_HU\" \/>\n<meta property=\"og:type\" content=\"article\" \/>\n<meta property=\"og:title\" content=\"LOOK UP Szemfest\u00e9k paletta 9 \u00e1rnyalat TAKE ME ON - Eveline Cosmetics Magyarorsz\u00e1g\" \/>\n<meta property=\"og:description\" content=\"A LOOK UP sorozat t\u00f6k\u00e9letesen kiv\u00e1lasztott sz\u00ednek kever\u00e9ke csod\u00e1latos sminket var\u00e1zsol a szemh\u00e9junkra. A s\u00f6t\u00e9t t\u00f3nusk\u00fcl\u00f6nbs\u00e9gek finom sz\u00ednkombin\u00e1ci\u00f3kat hoznak l\u00e9tre. T\u00f6k\u00e9letes megjelen\u00e9st biztos\u00edtanak est\u00e9nk\u00e9nt \u00e9s reggelente egyar\u00e1nt. A kiv\u00e1l\u00f3 min\u0151s\u00e9g\u0171 \u00e1rnyalatok, az egyszer\u0171 kever\u00e9s \u00e9s az intenz\u00edv pigment\u00e1ci\u00f3 minden sminket [&hellip;]\" \/>\n<meta property=\"og:url\" content=\"https:\/\/www.eveline.hu\/2016\/eveline-kozmetikumok-szepsegapolas\/smink\/szem\/szemhej-festekek\/look-up-szemfestek-paletta-9-arnyalat-take-me-on\/\" \/>\n<meta property=\"og:site_name\" content=\"Eveline Cosmetics Magyarorsz\u00e1g\" \/>\n<meta property=\"article:modified_time\" content=\"2023-09-28T08:24:29+00:00\" \/>\n<meta property=\"og:image\" content=\"https:\/\/www.eveline.hu\/2016\/wp-content\/uploads\/2023\/09\/Szemfest\u00e9k-paletta-9-es-Take-Me-On.png\" \/>\n\t<meta property=\"og:image:width\" content=\"750\" \/>\n\t<meta property=\"og:image:height\" content=\"750\" \/>\n\t<meta property=\"og:image:type\" content=\"image\/png\" \/>\n<meta name=\"twitter:card\" content=\"summary_large_image\" \/>\n<script type=\"application\/ld+json\" class=\"yoast-schema-graph\">{\"@context\":\"https:\/\/schema.org\",\"@graph\":[{\"@type\":\"WebPage\",\"@id\":\"https:\/\/www.eveline.hu\/2016\/eveline-kozmetikumok-szepsegapolas\/smink\/szem\/szemhej-festekek\/look-up-szemfestek-paletta-9-arnyalat-take-me-on\/\",\"url\":\"https:\/\/www.eveline.hu\/2016\/eveline-kozmetikumok-szepsegapolas\/smink\/szem\/szemhej-festekek\/look-up-szemfestek-paletta-9-arnyalat-take-me-on\/\",\"name\":\"LOOK UP Szemfest\u00e9k paletta 9 \u00e1rnyalat TAKE ME ON - Eveline Cosmetics Magyarorsz\u00e1g\",\"isPartOf\":{\"@id\":\"https:\/\/www.eveline.hu\/2016\/#website\"},\"primaryImageOfPage\":{\"@id\":\"https:\/\/www.eveline.hu\/2016\/eveline-kozmetikumok-szepsegapolas\/smink\/szem\/szemhej-festekek\/look-up-szemfestek-paletta-9-arnyalat-take-me-on\/#primaryimage\"},\"image\":{\"@id\":\"https:\/\/www.eveline.hu\/2016\/eveline-kozmetikumok-szepsegapolas\/smink\/szem\/szemhej-festekek\/look-up-szemfestek-paletta-9-arnyalat-take-me-on\/#primaryimage\"},\"thumbnailUrl\":\"https:\/\/www.eveline.hu\/2016\/wp-content\/uploads\/2023\/09\/Szemfest\u00e9k-paletta-9-es-Take-Me-On.png\",\"datePublished\":\"2023-09-28T08:24:28+00:00\",\"dateModified\":\"2023-09-28T08:24:29+00:00\",\"breadcrumb\":{\"@id\":\"https:\/\/www.eveline.hu\/2016\/eveline-kozmetikumok-szepsegapolas\/smink\/szem\/szemhej-festekek\/look-up-szemfestek-paletta-9-arnyalat-take-me-on\/#breadcrumb\"},\"inLanguage\":\"hu\",\"potentialAction\":[{\"@type\":\"ReadAction\",\"target\":[\"https:\/\/www.eveline.hu\/2016\/eveline-kozmetikumok-szepsegapolas\/smink\/szem\/szemhej-festekek\/look-up-szemfestek-paletta-9-arnyalat-take-me-on\/\"]}]},{\"@type\":\"ImageObject\",\"inLanguage\":\"hu\",\"@id\":\"https:\/\/www.eveline.hu\/2016\/eveline-kozmetikumok-szepsegapolas\/smink\/szem\/szemhej-festekek\/look-up-szemfestek-paletta-9-arnyalat-take-me-on\/#primaryimage\",\"url\":\"https:\/\/www.eveline.hu\/2016\/wp-content\/uploads\/2023\/09\/Szemfest\u00e9k-paletta-9-es-Take-Me-On.png\",\"contentUrl\":\"https:\/\/www.eveline.hu\/2016\/wp-content\/uploads\/2023\/09\/Szemfest\u00e9k-paletta-9-es-Take-Me-On.png\",\"width\":750,\"height\":750},{\"@type\":\"BreadcrumbList\",\"@id\":\"https:\/\/www.eveline.hu\/2016\/eveline-kozmetikumok-szepsegapolas\/smink\/szem\/szemhej-festekek\/look-up-szemfestek-paletta-9-arnyalat-take-me-on\/#breadcrumb\",\"itemListElement\":[{\"@type\":\"ListItem\",\"position\":1,\"name\":\"Home\",\"item\":\"https:\/\/www.eveline.hu\/2016\/\"},{\"@type\":\"ListItem\",\"position\":2,\"name\":\"Term\u00e9kek\",\"item\":\"https:\/\/www.eveline.hu\/2016\/shop\/\"},{\"@type\":\"ListItem\",\"position\":3,\"name\":\"LOOK UP Szemfest\u00e9k paletta 9 \u00e1rnyalat TAKE ME ON\"}]},{\"@type\":\"WebSite\",\"@id\":\"https:\/\/www.eveline.hu\/2016\/#website\",\"url\":\"https:\/\/www.eveline.hu\/2016\/\",\"name\":\"Eveline Cosmetics Magyarorsz\u00e1g\",\"description\":\"Min\u0151s\u00e9gi kozmetikumok Lengyelorsz\u00e1gb\u00f3l\",\"potentialAction\":[{\"@type\":\"SearchAction\",\"target\":{\"@type\":\"EntryPoint\",\"urlTemplate\":\"https:\/\/www.eveline.hu\/2016\/?s={search_term_string}\"},\"query-input\":\"required name=search_term_string\"}],\"inLanguage\":\"hu\"}]}<\/script>\n<!-- \/ Yoast SEO plugin. -->","yoast_head_json":{"title":"LOOK UP Szemfest\u00e9k paletta 9 \u00e1rnyalat TAKE ME ON - Eveline Cosmetics Magyarorsz\u00e1g","robots":{"index":"index","follow":"follow","max-snippet":"max-snippet:-1","max-image-preview":"max-image-preview:large","max-video-preview":"max-video-preview:-1"},"canonical":"https:\/\/www.eveline.hu\/2016\/eveline-kozmetikumok-szepsegapolas\/smink\/szem\/szemhej-festekek\/look-up-szemfestek-paletta-9-arnyalat-take-me-on\/","og_locale":"hu_HU","og_type":"article","og_title":"LOOK UP Szemfest\u00e9k paletta 9 \u00e1rnyalat TAKE ME ON - Eveline Cosmetics Magyarorsz\u00e1g","og_description":"A LOOK UP sorozat t\u00f6k\u00e9letesen kiv\u00e1lasztott sz\u00ednek kever\u00e9ke csod\u00e1latos sminket var\u00e1zsol a szemh\u00e9junkra. A s\u00f6t\u00e9t t\u00f3nusk\u00fcl\u00f6nbs\u00e9gek finom sz\u00ednkombin\u00e1ci\u00f3kat hoznak l\u00e9tre. T\u00f6k\u00e9letes megjelen\u00e9st biztos\u00edtanak est\u00e9nk\u00e9nt \u00e9s reggelente egyar\u00e1nt. A kiv\u00e1l\u00f3 min\u0151s\u00e9g\u0171 \u00e1rnyalatok, az egyszer\u0171 kever\u00e9s \u00e9s az intenz\u00edv pigment\u00e1ci\u00f3 minden sminket [&hellip;]","og_url":"https:\/\/www.eveline.hu\/2016\/eveline-kozmetikumok-szepsegapolas\/smink\/szem\/szemhej-festekek\/look-up-szemfestek-paletta-9-arnyalat-take-me-on\/","og_site_name":"Eveline Cosmetics Magyarorsz\u00e1g","article_modified_time":"2023-09-28T08:24:29+00:00","og_image":[{"width":750,"height":750,"url":"https:\/\/www.eveline.hu\/2016\/wp-content\/uploads\/2023\/09\/Szemfest\u00e9k-paletta-9-es-Take-Me-On.png","type":"image\/png"}],"twitter_card":"summary_large_image","schema":{"@context":"https:\/\/schema.org","@graph":[{"@type":"WebPage","@id":"https:\/\/www.eveline.hu\/2016\/eveline-kozmetikumok-szepsegapolas\/smink\/szem\/szemhej-festekek\/look-up-szemfestek-paletta-9-arnyalat-take-me-on\/","url":"https:\/\/www.eveline.hu\/2016\/eveline-kozmetikumok-szepsegapolas\/smink\/szem\/szemhej-festekek\/look-up-szemfestek-paletta-9-arnyalat-take-me-on\/","name":"LOOK UP Szemfest\u00e9k paletta 9 \u00e1rnyalat TAKE ME ON - Eveline Cosmetics Magyarorsz\u00e1g","isPartOf":{"@id":"https:\/\/www.eveline.hu\/2016\/#website"},"primaryImageOfPage":{"@id":"https:\/\/www.eveline.hu\/2016\/eveline-kozmetikumok-szepsegapolas\/smink\/szem\/szemhej-festekek\/look-up-szemfestek-paletta-9-arnyalat-take-me-on\/#primaryimage"},"image":{"@id":"https:\/\/www.eveline.hu\/2016\/eveline-kozmetikumok-szepsegapolas\/smink\/szem\/szemhej-festekek\/look-up-szemfestek-paletta-9-arnyalat-take-me-on\/#primaryimage"},"thumbnailUrl":"https:\/\/www.eveline.hu\/2016\/wp-content\/uploads\/2023\/09\/Szemfest\u00e9k-paletta-9-es-Take-Me-On.png","datePublished":"2023-09-28T08:24:28+00:00","dateModified":"2023-09-28T08:24:29+00:00","breadcrumb":{"@id":"https:\/\/www.eveline.hu\/2016\/eveline-kozmetikumok-szepsegapolas\/smink\/szem\/szemhej-festekek\/look-up-szemfestek-paletta-9-arnyalat-take-me-on\/#breadcrumb"},"inLanguage":"hu","potentialAction":[{"@type":"ReadAction","target":["https:\/\/www.eveline.hu\/2016\/eveline-kozmetikumok-szepsegapolas\/smink\/szem\/szemhej-festekek\/look-up-szemfestek-paletta-9-arnyalat-take-me-on\/"]}]},{"@type":"ImageObject","inLanguage":"hu","@id":"https:\/\/www.eveline.hu\/2016\/eveline-kozmetikumok-szepsegapolas\/smink\/szem\/szemhej-festekek\/look-up-szemfestek-paletta-9-arnyalat-take-me-on\/#primaryimage","url":"https:\/\/www.eveline.hu\/2016\/wp-content\/uploads\/2023\/09\/Szemfest\u00e9k-paletta-9-es-Take-Me-On.png","contentUrl":"https:\/\/www.eveline.hu\/2016\/wp-content\/uploads\/2023\/09\/Szemfest\u00e9k-paletta-9-es-Take-Me-On.png","width":750,"height":750},{"@type":"BreadcrumbList","@id":"https:\/\/www.eveline.hu\/2016\/eveline-kozmetikumok-szepsegapolas\/smink\/szem\/szemhej-festekek\/look-up-szemfestek-paletta-9-arnyalat-take-me-on\/#breadcrumb","itemListElement":[{"@type":"ListItem","position":1,"name":"Home","item":"https:\/\/www.eveline.hu\/2016\/"},{"@type":"ListItem","position":2,"name":"Term\u00e9kek","item":"https:\/\/www.eveline.hu\/2016\/shop\/"},{"@type":"ListItem","position":3,"name":"LOOK UP Szemfest\u00e9k paletta 9 \u00e1rnyalat TAKE ME ON"}]},{"@type":"WebSite","@id":"https:\/\/www.eveline.hu\/2016\/#website","url":"https:\/\/www.eveline.hu\/2016\/","name":"Eveline Cosmetics Magyarorsz\u00e1g","description":"Min\u0151s\u00e9gi kozmetikumok Lengyelorsz\u00e1gb\u00f3l","potentialAction":[{"@type":"SearchAction","target":{"@type":"EntryPoint","urlTemplate":"https:\/\/www.eveline.hu\/2016\/?s={search_term_string}"},"query-input":"required name=search_term_string"}],"inLanguage":"hu"}]}},"_links":{"self":[{"href":"https:\/\/www.eveline.hu\/2016\/wp-json\/wp\/v2\/product\/29957"}],"collection":[{"href":"https:\/\/www.eveline.hu\/2016\/wp-json\/wp\/v2\/product"}],"about":[{"href":"https:\/\/www.eveline.hu\/2016\/wp-json\/wp\/v2\/types\/product"}],"replies":[{"embeddable":true,"href":"https:\/\/www.eveline.hu\/2016\/wp-json\/wp\/v2\/comments?post=29957"}],"wp:featuredmedia":[{"embeddable":true,"href":"https:\/\/www.eveline.hu\/2016\/wp-json\/wp\/v2\/media\/29958"}],"wp:attachment":[{"href":"https:\/\/www.eveline.hu\/2016\/wp-json\/wp\/v2\/media?parent=29957"}],"wp:term":[{"taxonomy":"product_cat","embeddable":true,"href":"https:\/\/www.eveline.hu\/2016\/wp-json\/wp\/v2\/product_cat?post=29957"},{"taxonomy":"product_tag","embeddable":true,"href":"https:\/\/www.eveline.hu\/2016\/wp-json\/wp\/v2\/product_tag?post=29957"}],"curies":[{"name":"wp","href":"https:\/\/api.w.org\/{rel}","templated":true}]}}