{"id":25973,"date":"2020-09-22T13:58:42","date_gmt":"2020-09-22T11:58:42","guid":{"rendered":"https:\/\/www.eveline.hu\/2016\/?post_type=product&#038;p=25973"},"modified":"2022-02-18T18:34:08","modified_gmt":"2022-02-18T17:34:08","slug":"make-up-primer-3-az-1-ben-mattito-sminkalapozo-30ml","status":"publish","type":"product","link":"https:\/\/www.eveline.hu\/2016\/eveline-kozmetikumok-szepsegapolas\/smink\/arc\/alapozok\/make-up-primer-3-az-1-ben-mattito-sminkalapozo-30ml\/","title":{"rendered":"Make-up Primer  3 az 1-ben  Matt\u00edt\u00f3 sminkalapoz\u00f3 30ml"},"content":{"rendered":"<p>Matt\u00edt\u00f3 sminkalapoz\u00f3 cs\u00f6kkenti a p\u00f3rusok l\u00e1that\u00f3s\u00e1g\u00e1t, kisim\u00edtja a b\u0151rfel\u00fcletet, el\u0151k\u00e9sz\u00edti a b\u0151rt alapoz\u00f3 felvitel\u00e9re. Az alapoz\u00f3 meghosszabb\u00edtja a smink tart\u00f3ss\u00e1g\u00e1t, mely\u00a0 porr\u00e9szecsk\u00e9kkel van d\u00fas\u00edtva \u00edgy ide\u00e1lisan kiegyenl\u00edti\u00a0 a b\u0151r t\u00f3nus\u00e1t, az arcsz\u00edn selymesen sima \u00e9s rendk\u00edv\u00fcl \u00fcde megjelen\u00e9s\u0171 lesz.<\/p>\n<p>Alkalmaz\u00e1s: vigyen fel egy v\u00e9kony r\u00e9teg\u00e9t a megtiszt\u00edtott arcra, \u00e9s folytassa a sminkel\u00e9st.<\/p>\n","protected":false},"excerpt":{"rendered":"<p>Matt\u00edt\u00f3 sminkalapoz\u00f3 cs\u00f6kkenti a p\u00f3rusok l\u00e1that\u00f3s\u00e1g\u00e1t, kisim\u00edtja a b\u0151rfel\u00fcletet, el\u0151k\u00e9sz\u00edti a b\u0151rt alapoz\u00f3 felvitel\u00e9re. Az alapoz\u00f3 meghosszabb\u00edtja a smink tart\u00f3ss\u00e1g\u00e1t, mely\u00a0 porr\u00e9szecsk\u00e9kkel van d\u00fas\u00edtva \u00edgy ide\u00e1lisan kiegyenl\u00edti\u00a0 a b\u0151r t\u00f3nus\u00e1t, az arcsz\u00edn selymesen sima \u00e9s rendk\u00edv\u00fcl \u00fcde megjelen\u00e9s\u0171 lesz. Alkalmaz\u00e1s: [&hellip;]<\/p>\n","protected":false},"featured_media":25974,"comment_status":"open","ping_status":"closed","template":"","meta":[],"product_cat":[130,131,140],"product_tag":[],"yoast_head":"<!-- This site is optimized with the Yoast SEO plugin v22.2 - https:\/\/yoast.com\/wordpress\/plugins\/seo\/ -->\n<title>Make-up Primer 3 az 1-ben Matt\u00edt\u00f3 sminkalapoz\u00f3 30ml - Eveline Cosmetics Magyarorsz\u00e1g<\/title>\n<meta name=\"robots\" content=\"index, follow, max-snippet:-1, max-image-preview:large, max-video-preview:-1\" \/>\n<link rel=\"canonical\" href=\"https:\/\/www.eveline.hu\/2016\/eveline-kozmetikumok-szepsegapolas\/smink\/arc\/alapozok\/make-up-primer-3-az-1-ben-mattito-sminkalapozo-30ml\/\" \/>\n<meta property=\"og:locale\" content=\"hu_HU\" \/>\n<meta property=\"og:type\" content=\"article\" \/>\n<meta property=\"og:title\" content=\"Make-up Primer 3 az 1-ben Matt\u00edt\u00f3 sminkalapoz\u00f3 30ml - Eveline Cosmetics Magyarorsz\u00e1g\" \/>\n<meta property=\"og:description\" content=\"Matt\u00edt\u00f3 sminkalapoz\u00f3 cs\u00f6kkenti a p\u00f3rusok l\u00e1that\u00f3s\u00e1g\u00e1t, kisim\u00edtja a b\u0151rfel\u00fcletet, el\u0151k\u00e9sz\u00edti a b\u0151rt alapoz\u00f3 felvitel\u00e9re. Az alapoz\u00f3 meghosszabb\u00edtja a smink tart\u00f3ss\u00e1g\u00e1t, mely\u00a0 porr\u00e9szecsk\u00e9kkel van d\u00fas\u00edtva \u00edgy ide\u00e1lisan kiegyenl\u00edti\u00a0 a b\u0151r t\u00f3nus\u00e1t, az arcsz\u00edn selymesen sima \u00e9s rendk\u00edv\u00fcl \u00fcde megjelen\u00e9s\u0171 lesz. Alkalmaz\u00e1s: [&hellip;]\" \/>\n<meta property=\"og:url\" content=\"https:\/\/www.eveline.hu\/2016\/eveline-kozmetikumok-szepsegapolas\/smink\/arc\/alapozok\/make-up-primer-3-az-1-ben-mattito-sminkalapozo-30ml\/\" \/>\n<meta property=\"og:site_name\" content=\"Eveline Cosmetics Magyarorsz\u00e1g\" \/>\n<meta property=\"article:modified_time\" content=\"2022-02-18T17:34:08+00:00\" \/>\n<meta property=\"og:image\" content=\"https:\/\/www.eveline.hu\/2016\/wp-content\/uploads\/2020\/09\/JE30BAZMAT-5901761971750_MAKEUP-PRIMER-3IN1-_1-w.png\" \/>\n\t<meta property=\"og:image:width\" content=\"750\" \/>\n\t<meta property=\"og:image:height\" content=\"750\" \/>\n\t<meta property=\"og:image:type\" content=\"image\/png\" \/>\n<meta name=\"twitter:card\" content=\"summary_large_image\" \/>\n<script type=\"application\/ld+json\" class=\"yoast-schema-graph\">{\"@context\":\"https:\/\/schema.org\",\"@graph\":[{\"@type\":\"WebPage\",\"@id\":\"https:\/\/www.eveline.hu\/2016\/eveline-kozmetikumok-szepsegapolas\/smink\/arc\/alapozok\/make-up-primer-3-az-1-ben-mattito-sminkalapozo-30ml\/\",\"url\":\"https:\/\/www.eveline.hu\/2016\/eveline-kozmetikumok-szepsegapolas\/smink\/arc\/alapozok\/make-up-primer-3-az-1-ben-mattito-sminkalapozo-30ml\/\",\"name\":\"Make-up Primer 3 az 1-ben Matt\u00edt\u00f3 sminkalapoz\u00f3 30ml - Eveline Cosmetics Magyarorsz\u00e1g\",\"isPartOf\":{\"@id\":\"https:\/\/www.eveline.hu\/2016\/#website\"},\"primaryImageOfPage\":{\"@id\":\"https:\/\/www.eveline.hu\/2016\/eveline-kozmetikumok-szepsegapolas\/smink\/arc\/alapozok\/make-up-primer-3-az-1-ben-mattito-sminkalapozo-30ml\/#primaryimage\"},\"image\":{\"@id\":\"https:\/\/www.eveline.hu\/2016\/eveline-kozmetikumok-szepsegapolas\/smink\/arc\/alapozok\/make-up-primer-3-az-1-ben-mattito-sminkalapozo-30ml\/#primaryimage\"},\"thumbnailUrl\":\"https:\/\/www.eveline.hu\/2016\/wp-content\/uploads\/2020\/09\/JE30BAZMAT-5901761971750_MAKEUP-PRIMER-3IN1-_1-w.png\",\"datePublished\":\"2020-09-22T11:58:42+00:00\",\"dateModified\":\"2022-02-18T17:34:08+00:00\",\"breadcrumb\":{\"@id\":\"https:\/\/www.eveline.hu\/2016\/eveline-kozmetikumok-szepsegapolas\/smink\/arc\/alapozok\/make-up-primer-3-az-1-ben-mattito-sminkalapozo-30ml\/#breadcrumb\"},\"inLanguage\":\"hu\",\"potentialAction\":[{\"@type\":\"ReadAction\",\"target\":[\"https:\/\/www.eveline.hu\/2016\/eveline-kozmetikumok-szepsegapolas\/smink\/arc\/alapozok\/make-up-primer-3-az-1-ben-mattito-sminkalapozo-30ml\/\"]}]},{\"@type\":\"ImageObject\",\"inLanguage\":\"hu\",\"@id\":\"https:\/\/www.eveline.hu\/2016\/eveline-kozmetikumok-szepsegapolas\/smink\/arc\/alapozok\/make-up-primer-3-az-1-ben-mattito-sminkalapozo-30ml\/#primaryimage\",\"url\":\"https:\/\/www.eveline.hu\/2016\/wp-content\/uploads\/2020\/09\/JE30BAZMAT-5901761971750_MAKEUP-PRIMER-3IN1-_1-w.png\",\"contentUrl\":\"https:\/\/www.eveline.hu\/2016\/wp-content\/uploads\/2020\/09\/JE30BAZMAT-5901761971750_MAKEUP-PRIMER-3IN1-_1-w.png\",\"width\":750,\"height\":750},{\"@type\":\"BreadcrumbList\",\"@id\":\"https:\/\/www.eveline.hu\/2016\/eveline-kozmetikumok-szepsegapolas\/smink\/arc\/alapozok\/make-up-primer-3-az-1-ben-mattito-sminkalapozo-30ml\/#breadcrumb\",\"itemListElement\":[{\"@type\":\"ListItem\",\"position\":1,\"name\":\"Home\",\"item\":\"https:\/\/www.eveline.hu\/2016\/\"},{\"@type\":\"ListItem\",\"position\":2,\"name\":\"Term\u00e9kek\",\"item\":\"https:\/\/www.eveline.hu\/2016\/shop\/\"},{\"@type\":\"ListItem\",\"position\":3,\"name\":\"Make-up Primer 3 az 1-ben Matt\u00edt\u00f3 sminkalapoz\u00f3 30ml\"}]},{\"@type\":\"WebSite\",\"@id\":\"https:\/\/www.eveline.hu\/2016\/#website\",\"url\":\"https:\/\/www.eveline.hu\/2016\/\",\"name\":\"Eveline Cosmetics Magyarorsz\u00e1g\",\"description\":\"Min\u0151s\u00e9gi kozmetikumok Lengyelorsz\u00e1gb\u00f3l\",\"potentialAction\":[{\"@type\":\"SearchAction\",\"target\":{\"@type\":\"EntryPoint\",\"urlTemplate\":\"https:\/\/www.eveline.hu\/2016\/?s={search_term_string}\"},\"query-input\":\"required name=search_term_string\"}],\"inLanguage\":\"hu\"}]}<\/script>\n<!-- \/ Yoast SEO plugin. -->","yoast_head_json":{"title":"Make-up Primer 3 az 1-ben Matt\u00edt\u00f3 sminkalapoz\u00f3 30ml - Eveline Cosmetics Magyarorsz\u00e1g","robots":{"index":"index","follow":"follow","max-snippet":"max-snippet:-1","max-image-preview":"max-image-preview:large","max-video-preview":"max-video-preview:-1"},"canonical":"https:\/\/www.eveline.hu\/2016\/eveline-kozmetikumok-szepsegapolas\/smink\/arc\/alapozok\/make-up-primer-3-az-1-ben-mattito-sminkalapozo-30ml\/","og_locale":"hu_HU","og_type":"article","og_title":"Make-up Primer 3 az 1-ben Matt\u00edt\u00f3 sminkalapoz\u00f3 30ml - Eveline Cosmetics Magyarorsz\u00e1g","og_description":"Matt\u00edt\u00f3 sminkalapoz\u00f3 cs\u00f6kkenti a p\u00f3rusok l\u00e1that\u00f3s\u00e1g\u00e1t, kisim\u00edtja a b\u0151rfel\u00fcletet, el\u0151k\u00e9sz\u00edti a b\u0151rt alapoz\u00f3 felvitel\u00e9re. Az alapoz\u00f3 meghosszabb\u00edtja a smink tart\u00f3ss\u00e1g\u00e1t, mely\u00a0 porr\u00e9szecsk\u00e9kkel van d\u00fas\u00edtva \u00edgy ide\u00e1lisan kiegyenl\u00edti\u00a0 a b\u0151r t\u00f3nus\u00e1t, az arcsz\u00edn selymesen sima \u00e9s rendk\u00edv\u00fcl \u00fcde megjelen\u00e9s\u0171 lesz. Alkalmaz\u00e1s: [&hellip;]","og_url":"https:\/\/www.eveline.hu\/2016\/eveline-kozmetikumok-szepsegapolas\/smink\/arc\/alapozok\/make-up-primer-3-az-1-ben-mattito-sminkalapozo-30ml\/","og_site_name":"Eveline Cosmetics Magyarorsz\u00e1g","article_modified_time":"2022-02-18T17:34:08+00:00","og_image":[{"width":750,"height":750,"url":"https:\/\/www.eveline.hu\/2016\/wp-content\/uploads\/2020\/09\/JE30BAZMAT-5901761971750_MAKEUP-PRIMER-3IN1-_1-w.png","type":"image\/png"}],"twitter_card":"summary_large_image","schema":{"@context":"https:\/\/schema.org","@graph":[{"@type":"WebPage","@id":"https:\/\/www.eveline.hu\/2016\/eveline-kozmetikumok-szepsegapolas\/smink\/arc\/alapozok\/make-up-primer-3-az-1-ben-mattito-sminkalapozo-30ml\/","url":"https:\/\/www.eveline.hu\/2016\/eveline-kozmetikumok-szepsegapolas\/smink\/arc\/alapozok\/make-up-primer-3-az-1-ben-mattito-sminkalapozo-30ml\/","name":"Make-up Primer 3 az 1-ben Matt\u00edt\u00f3 sminkalapoz\u00f3 30ml - Eveline Cosmetics Magyarorsz\u00e1g","isPartOf":{"@id":"https:\/\/www.eveline.hu\/2016\/#website"},"primaryImageOfPage":{"@id":"https:\/\/www.eveline.hu\/2016\/eveline-kozmetikumok-szepsegapolas\/smink\/arc\/alapozok\/make-up-primer-3-az-1-ben-mattito-sminkalapozo-30ml\/#primaryimage"},"image":{"@id":"https:\/\/www.eveline.hu\/2016\/eveline-kozmetikumok-szepsegapolas\/smink\/arc\/alapozok\/make-up-primer-3-az-1-ben-mattito-sminkalapozo-30ml\/#primaryimage"},"thumbnailUrl":"https:\/\/www.eveline.hu\/2016\/wp-content\/uploads\/2020\/09\/JE30BAZMAT-5901761971750_MAKEUP-PRIMER-3IN1-_1-w.png","datePublished":"2020-09-22T11:58:42+00:00","dateModified":"2022-02-18T17:34:08+00:00","breadcrumb":{"@id":"https:\/\/www.eveline.hu\/2016\/eveline-kozmetikumok-szepsegapolas\/smink\/arc\/alapozok\/make-up-primer-3-az-1-ben-mattito-sminkalapozo-30ml\/#breadcrumb"},"inLanguage":"hu","potentialAction":[{"@type":"ReadAction","target":["https:\/\/www.eveline.hu\/2016\/eveline-kozmetikumok-szepsegapolas\/smink\/arc\/alapozok\/make-up-primer-3-az-1-ben-mattito-sminkalapozo-30ml\/"]}]},{"@type":"ImageObject","inLanguage":"hu","@id":"https:\/\/www.eveline.hu\/2016\/eveline-kozmetikumok-szepsegapolas\/smink\/arc\/alapozok\/make-up-primer-3-az-1-ben-mattito-sminkalapozo-30ml\/#primaryimage","url":"https:\/\/www.eveline.hu\/2016\/wp-content\/uploads\/2020\/09\/JE30BAZMAT-5901761971750_MAKEUP-PRIMER-3IN1-_1-w.png","contentUrl":"https:\/\/www.eveline.hu\/2016\/wp-content\/uploads\/2020\/09\/JE30BAZMAT-5901761971750_MAKEUP-PRIMER-3IN1-_1-w.png","width":750,"height":750},{"@type":"BreadcrumbList","@id":"https:\/\/www.eveline.hu\/2016\/eveline-kozmetikumok-szepsegapolas\/smink\/arc\/alapozok\/make-up-primer-3-az-1-ben-mattito-sminkalapozo-30ml\/#breadcrumb","itemListElement":[{"@type":"ListItem","position":1,"name":"Home","item":"https:\/\/www.eveline.hu\/2016\/"},{"@type":"ListItem","position":2,"name":"Term\u00e9kek","item":"https:\/\/www.eveline.hu\/2016\/shop\/"},{"@type":"ListItem","position":3,"name":"Make-up Primer 3 az 1-ben Matt\u00edt\u00f3 sminkalapoz\u00f3 30ml"}]},{"@type":"WebSite","@id":"https:\/\/www.eveline.hu\/2016\/#website","url":"https:\/\/www.eveline.hu\/2016\/","name":"Eveline Cosmetics Magyarorsz\u00e1g","description":"Min\u0151s\u00e9gi kozmetikumok Lengyelorsz\u00e1gb\u00f3l","potentialAction":[{"@type":"SearchAction","target":{"@type":"EntryPoint","urlTemplate":"https:\/\/www.eveline.hu\/2016\/?s={search_term_string}"},"query-input":"required name=search_term_string"}],"inLanguage":"hu"}]}},"_links":{"self":[{"href":"https:\/\/www.eveline.hu\/2016\/wp-json\/wp\/v2\/product\/25973"}],"collection":[{"href":"https:\/\/www.eveline.hu\/2016\/wp-json\/wp\/v2\/product"}],"about":[{"href":"https:\/\/www.eveline.hu\/2016\/wp-json\/wp\/v2\/types\/product"}],"replies":[{"embeddable":true,"href":"https:\/\/www.eveline.hu\/2016\/wp-json\/wp\/v2\/comments?post=25973"}],"wp:featuredmedia":[{"embeddable":true,"href":"https:\/\/www.eveline.hu\/2016\/wp-json\/wp\/v2\/media\/25974"}],"wp:attachment":[{"href":"https:\/\/www.eveline.hu\/2016\/wp-json\/wp\/v2\/media?parent=25973"}],"wp:term":[{"taxonomy":"product_cat","embeddable":true,"href":"https:\/\/www.eveline.hu\/2016\/wp-json\/wp\/v2\/product_cat?post=25973"},{"taxonomy":"product_tag","embeddable":true,"href":"https:\/\/www.eveline.hu\/2016\/wp-json\/wp\/v2\/product_tag?post=25973"}],"curies":[{"name":"wp","href":"https:\/\/api.w.org\/{rel}","templated":true}]}}