{"id":20648,"date":"2016-01-28T17:57:11","date_gmt":"2016-01-28T16:57:11","guid":{"rendered":"http:\/\/www.eveline.hu\/2016\/eveline-kozmetikumok-szepsegapolas\/nem-kategorizalt\/just-epil-szortelenito-krem-honalj-kar-es-bikini-vonalakra-125ml\/"},"modified":"2025-02-24T10:07:30","modified_gmt":"2025-02-24T09:07:30","slug":"just-epil-szortelenito-krem-honalj-kar-es-bikini-vonalakra-125ml","status":"publish","type":"product","link":"https:\/\/www.eveline.hu\/2016\/eveline-kozmetikumok-szepsegapolas\/szepsegapolas\/szortelenites\/just-epil-szortelenito-krem-honalj-kar-es-bikini-vonalakra-125ml\/","title":{"rendered":"Just Epil sz\u0151rtelen\u00edt\u0151 kr\u00e9m h\u00f3nalj, kar \u00e9s bikini vonalakra 125ml"},"content":{"rendered":"<p><strong>Hat\u00e1sok:<\/strong><br \/>\nAz ultra \u00e9rz\u00e9keny sz\u0151rtelen\u00edt\u0151 kr\u00e9m \u00e9rz\u00e9keny helyekre, t\u00f6k\u00e9letesen \u00e9s eredm\u00e9nyesen t\u00e1vol\u00edtja el a felesleges sz\u0151rzetet. Nyugtat\u00f3 hat\u00e1s\u00fa aloe kivonatot valamint selyem proteineket tartalmaz amelyeknek k\u00f6sz\u00f6nhet\u0151en a b\u0151r sok\u00e1ig hidrat\u00e1lt, sima \u00e9s puha lesz. A formula gazdag\u00edtva lett Larrea divaricata kivonattal, amely lass\u00edtja a sz\u0151rtelen\u00edt\u00e9s ut\u00e1n a sz\u0151rn\u00f6veked\u00e9st, cs\u00f6kkenti a kezel\u00e9sek gyakoris\u00e1g\u00e1t. A kr\u00e9m eredm\u00e9nyes sz\u0151rtelen\u00edt\u00e9st biztos\u00edt, b\u00e1rsonyosan sim\u00e1n hagyja a b\u0151rt \u00e9s hosszantart\u00f3 komfort \u00e9rz\u00e9st ad.<\/p>\n<p><strong>Akt\u00edv \u00f6sszetev\u0151k:<\/strong><br \/>\nAloe Vera \u00e9s selyem protein<\/p>\n<p>&nbsp;<\/p>\n<p>\u00f6sszetev\u0151k: Aqua (Water), Cetearyl Alcohol, Potassium Thioglycolate, Calcium Hydroxide, Ceteareth-20, Paraffinum Liquidum, Glyceryl Stearate SE, Propylene Glycol, Prunus Amygdalus Dulcis Oil, Aloe Barbadensis Leaf Juice, Larrea Divaricata Extract, Hydrolyzed Silk, Panthenol, Tocopherol, Parfum (Fragrance), Phenoxyethanol, Potassium Sorbate, Sodium Benzoate, Glycerin, Butylene Glycol, Lecithin, Sodium Citrate, Citric Acid, Citronellol, Hydroxycitronellal, Hexyl Cinnamal, Linalool.<\/p>\n","protected":false},"excerpt":{"rendered":"<p>125ml ( 8472 Ft\/l )<\/p>\n<p>Aloe Ver\u00e1val \u00e9s selyem proteinnel, ultra \u00e9rz\u00e9keny ter\u00fcletekre. Hidrat\u00e1l, csillap\u00edt, kisim\u00edt, \u00e9s k\u00e9slelteti a sz\u0151rn\u00f6veked\u00e9st.<\/p>\n<p>&nbsp;<\/p>\n<p>&nbsp;<\/p>\n","protected":false},"featured_media":21313,"comment_status":"open","ping_status":"closed","template":"","meta":[],"product_cat":[125,139,101],"product_tag":[],"yoast_head":"<!-- This site is optimized with the Yoast SEO plugin v22.2 - https:\/\/yoast.com\/wordpress\/plugins\/seo\/ -->\n<title>Just Epil sz\u00f5rtelen\u00edt\u00f5 kr\u00e9m h\u00f3nalj, kar \u00e9s bikini vonalakra 125ml<\/title>\n<meta name=\"description\" content=\"Aloe Ver\u00e1val \u00e9s selyem proteinnel, ultra \u00e9rz\u00e9keny ter\u00fcletekre. Hidrat\u00e1l, Csillap\u00edt, Kisim\u00edt, \u00e9s k\u00e9slelteti a sz\u00f5rn\u00f6veked\u00e9st\" \/>\n<meta name=\"robots\" content=\"index, follow, max-snippet:-1, max-image-preview:large, max-video-preview:-1\" \/>\n<link rel=\"canonical\" href=\"https:\/\/www.eveline.hu\/2016\/eveline-kozmetikumok-szepsegapolas\/szepsegapolas\/szortelenites\/just-epil-szortelenito-krem-honalj-kar-es-bikini-vonalakra-125ml\/\" \/>\n<meta property=\"og:locale\" content=\"hu_HU\" \/>\n<meta property=\"og:type\" content=\"article\" \/>\n<meta property=\"og:title\" content=\"Eveline kozmetikumok - Just Epil sz\u00f5rtelen\u00edt\u00f5 kr\u00e9m h\u00f3nalj, kar \u00e9s bikini vonalakra 125ml\" \/>\n<meta property=\"og:description\" content=\"Aloe Ver\u00e1val \u00e9s selyem proteinnel, ultra \u00e9rz\u00e9keny ter\u00fcletekre. Hidrat\u00e1l, Csillap\u00edt, Kisim\u00edt, \u00e9s k\u00e9slelteti a sz\u00f5rn\u00f6veked\u00e9st\" \/>\n<meta property=\"og:url\" content=\"https:\/\/www.eveline.hu\/2016\/eveline-kozmetikumok-szepsegapolas\/szepsegapolas\/szortelenites\/just-epil-szortelenito-krem-honalj-kar-es-bikini-vonalakra-125ml\/\" \/>\n<meta property=\"og:site_name\" content=\"Eveline Cosmetics Magyarorsz\u00e1g\" \/>\n<meta property=\"article:modified_time\" content=\"2025-02-24T09:07:30+00:00\" \/>\n<meta property=\"og:image\" content=\"https:\/\/www.eveline.hu\/2016\/wp-content\/uploads\/2016\/01\/0023_e_piel_dep_je3w1.png\" \/>\n\t<meta property=\"og:image:width\" content=\"750\" \/>\n\t<meta property=\"og:image:height\" content=\"750\" \/>\n\t<meta property=\"og:image:type\" content=\"image\/png\" \/>\n<meta name=\"twitter:card\" content=\"summary_large_image\" \/>\n<meta name=\"twitter:title\" content=\"Eveline kozmetikumok - Just Epil sz\u00f5rtelen\u00edt\u00f5 kr\u00e9m h\u00f3nalj, kar \u00e9s bikini vonalakra 125ml\" \/>\n<meta name=\"twitter:label1\" content=\"Becs\u00fclt olvas\u00e1si id\u0151\" \/>\n\t<meta name=\"twitter:data1\" content=\"1 perc\" \/>\n<script type=\"application\/ld+json\" class=\"yoast-schema-graph\">{\"@context\":\"https:\/\/schema.org\",\"@graph\":[{\"@type\":\"WebPage\",\"@id\":\"https:\/\/www.eveline.hu\/2016\/eveline-kozmetikumok-szepsegapolas\/szepsegapolas\/szortelenites\/just-epil-szortelenito-krem-honalj-kar-es-bikini-vonalakra-125ml\/\",\"url\":\"https:\/\/www.eveline.hu\/2016\/eveline-kozmetikumok-szepsegapolas\/szepsegapolas\/szortelenites\/just-epil-szortelenito-krem-honalj-kar-es-bikini-vonalakra-125ml\/\",\"name\":\"Just Epil sz\u00f5rtelen\u00edt\u00f5 kr\u00e9m h\u00f3nalj, kar \u00e9s bikini vonalakra 125ml\",\"isPartOf\":{\"@id\":\"https:\/\/www.eveline.hu\/2016\/#website\"},\"primaryImageOfPage\":{\"@id\":\"https:\/\/www.eveline.hu\/2016\/eveline-kozmetikumok-szepsegapolas\/szepsegapolas\/szortelenites\/just-epil-szortelenito-krem-honalj-kar-es-bikini-vonalakra-125ml\/#primaryimage\"},\"image\":{\"@id\":\"https:\/\/www.eveline.hu\/2016\/eveline-kozmetikumok-szepsegapolas\/szepsegapolas\/szortelenites\/just-epil-szortelenito-krem-honalj-kar-es-bikini-vonalakra-125ml\/#primaryimage\"},\"thumbnailUrl\":\"https:\/\/www.eveline.hu\/2016\/wp-content\/uploads\/2016\/01\/0023_e_piel_dep_je3w1.png\",\"datePublished\":\"2016-01-28T16:57:11+00:00\",\"dateModified\":\"2025-02-24T09:07:30+00:00\",\"description\":\"Aloe Ver\u00e1val \u00e9s selyem proteinnel, ultra \u00e9rz\u00e9keny ter\u00fcletekre. Hidrat\u00e1l, Csillap\u00edt, Kisim\u00edt, \u00e9s k\u00e9slelteti a sz\u00f5rn\u00f6veked\u00e9st\",\"breadcrumb\":{\"@id\":\"https:\/\/www.eveline.hu\/2016\/eveline-kozmetikumok-szepsegapolas\/szepsegapolas\/szortelenites\/just-epil-szortelenito-krem-honalj-kar-es-bikini-vonalakra-125ml\/#breadcrumb\"},\"inLanguage\":\"hu\",\"potentialAction\":[{\"@type\":\"ReadAction\",\"target\":[\"https:\/\/www.eveline.hu\/2016\/eveline-kozmetikumok-szepsegapolas\/szepsegapolas\/szortelenites\/just-epil-szortelenito-krem-honalj-kar-es-bikini-vonalakra-125ml\/\"]}]},{\"@type\":\"ImageObject\",\"inLanguage\":\"hu\",\"@id\":\"https:\/\/www.eveline.hu\/2016\/eveline-kozmetikumok-szepsegapolas\/szepsegapolas\/szortelenites\/just-epil-szortelenito-krem-honalj-kar-es-bikini-vonalakra-125ml\/#primaryimage\",\"url\":\"https:\/\/www.eveline.hu\/2016\/wp-content\/uploads\/2016\/01\/0023_e_piel_dep_je3w1.png\",\"contentUrl\":\"https:\/\/www.eveline.hu\/2016\/wp-content\/uploads\/2016\/01\/0023_e_piel_dep_je3w1.png\",\"width\":750,\"height\":750},{\"@type\":\"BreadcrumbList\",\"@id\":\"https:\/\/www.eveline.hu\/2016\/eveline-kozmetikumok-szepsegapolas\/szepsegapolas\/szortelenites\/just-epil-szortelenito-krem-honalj-kar-es-bikini-vonalakra-125ml\/#breadcrumb\",\"itemListElement\":[{\"@type\":\"ListItem\",\"position\":1,\"name\":\"Home\",\"item\":\"https:\/\/www.eveline.hu\/2016\/\"},{\"@type\":\"ListItem\",\"position\":2,\"name\":\"Term\u00e9kek\",\"item\":\"https:\/\/www.eveline.hu\/2016\/shop\/\"},{\"@type\":\"ListItem\",\"position\":3,\"name\":\"Just Epil sz\u0151rtelen\u00edt\u0151 kr\u00e9m h\u00f3nalj, kar \u00e9s bikini vonalakra 125ml\"}]},{\"@type\":\"WebSite\",\"@id\":\"https:\/\/www.eveline.hu\/2016\/#website\",\"url\":\"https:\/\/www.eveline.hu\/2016\/\",\"name\":\"Eveline Cosmetics Magyarorsz\u00e1g\",\"description\":\"Min\u0151s\u00e9gi kozmetikumok Lengyelorsz\u00e1gb\u00f3l\",\"potentialAction\":[{\"@type\":\"SearchAction\",\"target\":{\"@type\":\"EntryPoint\",\"urlTemplate\":\"https:\/\/www.eveline.hu\/2016\/?s={search_term_string}\"},\"query-input\":\"required name=search_term_string\"}],\"inLanguage\":\"hu\"}]}<\/script>\n<!-- \/ Yoast SEO plugin. -->","yoast_head_json":{"title":"Just Epil sz\u00f5rtelen\u00edt\u00f5 kr\u00e9m h\u00f3nalj, kar \u00e9s bikini vonalakra 125ml","description":"Aloe Ver\u00e1val \u00e9s selyem proteinnel, ultra \u00e9rz\u00e9keny ter\u00fcletekre. Hidrat\u00e1l, Csillap\u00edt, Kisim\u00edt, \u00e9s k\u00e9slelteti a sz\u00f5rn\u00f6veked\u00e9st","robots":{"index":"index","follow":"follow","max-snippet":"max-snippet:-1","max-image-preview":"max-image-preview:large","max-video-preview":"max-video-preview:-1"},"canonical":"https:\/\/www.eveline.hu\/2016\/eveline-kozmetikumok-szepsegapolas\/szepsegapolas\/szortelenites\/just-epil-szortelenito-krem-honalj-kar-es-bikini-vonalakra-125ml\/","og_locale":"hu_HU","og_type":"article","og_title":"Eveline kozmetikumok - Just Epil sz\u00f5rtelen\u00edt\u00f5 kr\u00e9m h\u00f3nalj, kar \u00e9s bikini vonalakra 125ml","og_description":"Aloe Ver\u00e1val \u00e9s selyem proteinnel, ultra \u00e9rz\u00e9keny ter\u00fcletekre. Hidrat\u00e1l, Csillap\u00edt, Kisim\u00edt, \u00e9s k\u00e9slelteti a sz\u00f5rn\u00f6veked\u00e9st","og_url":"https:\/\/www.eveline.hu\/2016\/eveline-kozmetikumok-szepsegapolas\/szepsegapolas\/szortelenites\/just-epil-szortelenito-krem-honalj-kar-es-bikini-vonalakra-125ml\/","og_site_name":"Eveline Cosmetics Magyarorsz\u00e1g","article_modified_time":"2025-02-24T09:07:30+00:00","og_image":[{"width":750,"height":750,"url":"https:\/\/www.eveline.hu\/2016\/wp-content\/uploads\/2016\/01\/0023_e_piel_dep_je3w1.png","type":"image\/png"}],"twitter_card":"summary_large_image","twitter_title":"Eveline kozmetikumok - Just Epil sz\u00f5rtelen\u00edt\u00f5 kr\u00e9m h\u00f3nalj, kar \u00e9s bikini vonalakra 125ml","twitter_misc":{"Becs\u00fclt olvas\u00e1si id\u0151":"1 perc"},"schema":{"@context":"https:\/\/schema.org","@graph":[{"@type":"WebPage","@id":"https:\/\/www.eveline.hu\/2016\/eveline-kozmetikumok-szepsegapolas\/szepsegapolas\/szortelenites\/just-epil-szortelenito-krem-honalj-kar-es-bikini-vonalakra-125ml\/","url":"https:\/\/www.eveline.hu\/2016\/eveline-kozmetikumok-szepsegapolas\/szepsegapolas\/szortelenites\/just-epil-szortelenito-krem-honalj-kar-es-bikini-vonalakra-125ml\/","name":"Just Epil sz\u00f5rtelen\u00edt\u00f5 kr\u00e9m h\u00f3nalj, kar \u00e9s bikini vonalakra 125ml","isPartOf":{"@id":"https:\/\/www.eveline.hu\/2016\/#website"},"primaryImageOfPage":{"@id":"https:\/\/www.eveline.hu\/2016\/eveline-kozmetikumok-szepsegapolas\/szepsegapolas\/szortelenites\/just-epil-szortelenito-krem-honalj-kar-es-bikini-vonalakra-125ml\/#primaryimage"},"image":{"@id":"https:\/\/www.eveline.hu\/2016\/eveline-kozmetikumok-szepsegapolas\/szepsegapolas\/szortelenites\/just-epil-szortelenito-krem-honalj-kar-es-bikini-vonalakra-125ml\/#primaryimage"},"thumbnailUrl":"https:\/\/www.eveline.hu\/2016\/wp-content\/uploads\/2016\/01\/0023_e_piel_dep_je3w1.png","datePublished":"2016-01-28T16:57:11+00:00","dateModified":"2025-02-24T09:07:30+00:00","description":"Aloe Ver\u00e1val \u00e9s selyem proteinnel, ultra \u00e9rz\u00e9keny ter\u00fcletekre. Hidrat\u00e1l, Csillap\u00edt, Kisim\u00edt, \u00e9s k\u00e9slelteti a sz\u00f5rn\u00f6veked\u00e9st","breadcrumb":{"@id":"https:\/\/www.eveline.hu\/2016\/eveline-kozmetikumok-szepsegapolas\/szepsegapolas\/szortelenites\/just-epil-szortelenito-krem-honalj-kar-es-bikini-vonalakra-125ml\/#breadcrumb"},"inLanguage":"hu","potentialAction":[{"@type":"ReadAction","target":["https:\/\/www.eveline.hu\/2016\/eveline-kozmetikumok-szepsegapolas\/szepsegapolas\/szortelenites\/just-epil-szortelenito-krem-honalj-kar-es-bikini-vonalakra-125ml\/"]}]},{"@type":"ImageObject","inLanguage":"hu","@id":"https:\/\/www.eveline.hu\/2016\/eveline-kozmetikumok-szepsegapolas\/szepsegapolas\/szortelenites\/just-epil-szortelenito-krem-honalj-kar-es-bikini-vonalakra-125ml\/#primaryimage","url":"https:\/\/www.eveline.hu\/2016\/wp-content\/uploads\/2016\/01\/0023_e_piel_dep_je3w1.png","contentUrl":"https:\/\/www.eveline.hu\/2016\/wp-content\/uploads\/2016\/01\/0023_e_piel_dep_je3w1.png","width":750,"height":750},{"@type":"BreadcrumbList","@id":"https:\/\/www.eveline.hu\/2016\/eveline-kozmetikumok-szepsegapolas\/szepsegapolas\/szortelenites\/just-epil-szortelenito-krem-honalj-kar-es-bikini-vonalakra-125ml\/#breadcrumb","itemListElement":[{"@type":"ListItem","position":1,"name":"Home","item":"https:\/\/www.eveline.hu\/2016\/"},{"@type":"ListItem","position":2,"name":"Term\u00e9kek","item":"https:\/\/www.eveline.hu\/2016\/shop\/"},{"@type":"ListItem","position":3,"name":"Just Epil sz\u0151rtelen\u00edt\u0151 kr\u00e9m h\u00f3nalj, kar \u00e9s bikini vonalakra 125ml"}]},{"@type":"WebSite","@id":"https:\/\/www.eveline.hu\/2016\/#website","url":"https:\/\/www.eveline.hu\/2016\/","name":"Eveline Cosmetics Magyarorsz\u00e1g","description":"Min\u0151s\u00e9gi kozmetikumok Lengyelorsz\u00e1gb\u00f3l","potentialAction":[{"@type":"SearchAction","target":{"@type":"EntryPoint","urlTemplate":"https:\/\/www.eveline.hu\/2016\/?s={search_term_string}"},"query-input":"required name=search_term_string"}],"inLanguage":"hu"}]}},"_links":{"self":[{"href":"https:\/\/www.eveline.hu\/2016\/wp-json\/wp\/v2\/product\/20648"}],"collection":[{"href":"https:\/\/www.eveline.hu\/2016\/wp-json\/wp\/v2\/product"}],"about":[{"href":"https:\/\/www.eveline.hu\/2016\/wp-json\/wp\/v2\/types\/product"}],"replies":[{"embeddable":true,"href":"https:\/\/www.eveline.hu\/2016\/wp-json\/wp\/v2\/comments?post=20648"}],"wp:featuredmedia":[{"embeddable":true,"href":"https:\/\/www.eveline.hu\/2016\/wp-json\/wp\/v2\/media\/21313"}],"wp:attachment":[{"href":"https:\/\/www.eveline.hu\/2016\/wp-json\/wp\/v2\/media?parent=20648"}],"wp:term":[{"taxonomy":"product_cat","embeddable":true,"href":"https:\/\/www.eveline.hu\/2016\/wp-json\/wp\/v2\/product_cat?post=20648"},{"taxonomy":"product_tag","embeddable":true,"href":"https:\/\/www.eveline.hu\/2016\/wp-json\/wp\/v2\/product_tag?post=20648"}],"curies":[{"name":"wp","href":"https:\/\/api.w.org\/{rel}","templated":true}]}}